{"id":13,"date":"2015-02-09T22:41:36","date_gmt":"2015-02-09T22:41:36","guid":{"rendered":"https:\/\/bohena.se\/bastu\/?page_id=13"},"modified":"2025-03-05T22:22:41","modified_gmt":"2025-03-05T22:22:41","slug":"bastun","status":"publish","type":"page","link":"https:\/\/bohena.se\/bastu\/bastun\/","title":{"rendered":"Bastun"},"content":{"rendered":"<div id=\"google_translate_element\">&nbsp;<\/div>\n<p><script type=\"text\/javascript\"><br \/>\nfunction googleTranslateElementInit() {<br \/>\n  new google.translate.TranslateElement({pageLanguage: 'sv', layout: google.translate.TranslateElement.FloatPosition.TOP_LEFT}, 'google_translate_element');<br \/>\n}<br \/>\n<\/script><script type=\"text\/javascript\" src=\"\/\/translate.google.com\/translate_a\/element.js?cb=googleTranslateElementInit\"><\/script><\/p>\n<div id=\"wb_Text2\"><strong>Nyheter!<\/strong><\/div>\n<p><em>\u2022&nbsp;Vi kan nu leverera f\u00e4rdigbyggd bastu och bastu med hel glasv\u00e4gg<\/em><br \/>\n<em>\u2022 Mobil bastuflotte som f\u00e4lls ihop f\u00f6r v\u00e4gtransport. 2.4&#215;4.2 m stor ihopf\u00e4lld och 4.8&#215;4.2 m utf\u00e4lld.<br \/>\n\u2022 Kortare bastu som \u00e4r 1.5 m och l\u00e4mpar sig f\u00f6r de som inte har s\u00e5 stora ytor att st\u00e4lla bastun samt inomhus.<br \/>\n\u2022 Kortare bastu som \u00e4r 2.3 m f\u00f6r 4 personer och som \u00e4r b\u00e4ddbar om man v\u00e4ljer elkamin.<br \/>\n\u2022 St\u00f6rre bastu f\u00f6r 12 personer med en diameter p\u00e5 2.4m och en l\u00e4ngd p\u00e5 3.9 m (inklusive veranda)<br \/>\n\u2022 Bastun kan f\u00e5s efter individuella ritningar i storlek och inredning.<br \/>\n\u2022 Flertal tillval, bland annat b\u00e4ddmekanismer som g\u00f6r din bastu till en g\u00e4ststuga med upp till 4 b\u00e4ddar. <\/em>Bastun levereras i byggsats med alla delar f\u00e4rdigbyggda, det enda som beh\u00f6vs vid monteringen \u00e4r, skruvdragare hammare och vattenpass, ingen yrkeskunskap beh\u00f6vs, l\u00e4ttf\u00f6ljda intruktioner i form av bildspel medf\u00f6ljer.Byggmaterialet som anv\u00e4nds \u00e4r specialhyvlad och spontad gran av h\u00f6gsta kvalit\u00e9 fr\u00e5n norra Finland.<\/p>\n<p>Leveranstiden \u00e4r ca 3 veckor eller enligt \u00f6verenskommelse.<\/p>\n<p>Bastutunnan kan ocks\u00e5 med f\u00f6rdel monteras p\u00e5 en flotte s\u00e5 man f\u00e5r en flytbastu och o\u00f6vertr\u00e4ffad n\u00e4rhet till sj\u00f6n.<\/p>\n<p>Inget avlopp beh\u00f6vs f\u00f6r utomhusbruk, genom det v\u00e4l utt\u00e4nkta och testade trallgolvet utan botten under f\u00e5r man avrinning och ventilation. Inget vatten samlas s\u00e5 bastun har alltid ett fr\u00e4scht klimat och ingen d\u00e5lig lukt eller m\u00f6gel bildas.<\/p>\n<p>Kaminen kommer fr\u00e5n Harvia. Skorstenen har 10 \u00e5rs garanti, \u00e4r rostfri och brandisolerad med en 22 liters vattenv\u00e4rme som tar tillvara p\u00e5 spillv\u00e4rmen. Skorstenen g\u00e5r inne i bastun, d\u00e4rf\u00f6r har vi en energieffektivare bastu som kan h\u00e5lla v\u00e4rmen i timmar efter att man slutat elda, bastun torkar d\u00e5 och \u00e4ven det bidrar till det goda klimatet.<\/p>\n<p>Montering tar ca 8 timmar och d\u00e5 \u00e4r bastun klar f\u00f6r anv\u00e4ndning. Alla delar \u00e4r f\u00e4rdigbyggda block fr\u00e5n fabriken. D\u00f6rrar och f\u00f6nster \u00e4r f\u00e4rdigmonterade och inglasade i fabriken. Bastupanelen \u00e4r f\u00e4rdigkapad och paketerad.<br \/>\nUnderh\u00e5llsfri takpapper &#8221;shingel&#8221; medf\u00f6ljer med tillh\u00f6rande spik.<\/p>\n<p>OBS! Rundabastun kan \u00e4ven anv\u00e4ndas som \u00f6vernattningsstuga.<\/p>\n<p><strong>Orginal bastun<\/strong><br \/>\n&#8211; Diameter: &nbsp; &nbsp; &nbsp; &nbsp;220 cm<br \/>\n&#8211; Djup: &nbsp; &nbsp; &nbsp; &nbsp; &nbsp; &nbsp; &nbsp; &nbsp;330 cm<br \/>\n&#8211; Bastu djup: &nbsp; &nbsp; 198 cm<br \/>\n&#8211; Veranda djup: 115 cm<br \/>\n&#8211; Golv bredd: &nbsp; &nbsp; 120 cm<br \/>\n&#8211; V\u00e4ggtjocklek : 28 mm spontat special hyvlad ugnstorkad gran av h\u00f6gsta kvalitet<br \/>\n&#8211; Vedeldad Harvia kamin. (22 l rostfri varmvatten beredare som sitter vid den brands\u00e4kra och rostfria&nbsp;skorstenen&nbsp; med regnskydd och \u00e5tervinner r\u00f6kgasv\u00e4rmen finns som tillbeh\u00f6r)<br \/>\n&#8211; Alternativ&nbsp; El-uppv\u00e4rmning.<br \/>\n&#8211; Speciella bastustenar medf\u00f6ljer<br \/>\n&#8211; \u00d6versitt lavar till bastun 2 st<br \/>\n&#8211; Undersitt lavar till bastun 2 st<br \/>\n&#8211; Sittb\u00e4nkar till glasverandan 2 st<br \/>\n&#8211; Orginal bastutunnan rymmer upp till 8 sittplatser<\/p>\n<p>Inget avlopp beh\u00f6vs!!! Vattenutsl\u00e4ppet sker via golvventilation\/under trallgolvet.<\/p>\n<p>Bastun har konstruerats enligt svenska Brandskyddsmyndighetens best\u00e4mmelser.<\/p>\n<p>Uppv\u00e4rmningstiden \u00e4r under sommaren&nbsp; 20 minuter och under vintern 30 minuter d\u00e5 \u00e4r \u00e4ven badvattnet varmt<\/p>\n<p>Bastun \u00e4r testad i -30 grader och fungerar utm\u00e4rkt \u00e4ven n\u00e4r man vistas i den inglasade verandan.<\/p>\n<p>Vid avbetalningsk\u00f6p betalas ingen handpenning eller r\u00e4nta. Kreditgivaren \u00e4r Nordea finans.<\/p>\n<p>Pris:<strong> 88 323 SEK<\/strong> inklusive moms 25% Frakt tillkommer.<\/p>\n<p>Se <a href=\"https:\/\/bohena.se\/bastu\/prislista\/\">prislistan<\/a>&nbsp;f\u00f6r vad som ing\u00e5r och f\u00f6r andra modeller.<\/p>\n<p>Levereras \u00e4ven till sk\u00e4rg\u00e5rden med egna b\u00e5tar d\u00e4r ett till\u00e4gg tillkommer.<\/p>\n<p>&nbsp;<\/p>\n<div id=\"wb_Image1\">\n<div style=\"width: 858px\" class=\"wp-caption alignnone\"><img data-recalc-dims=\"1\" fetchpriority=\"high\" decoding=\"async\" id=\"Image1\" src=\"https:\/\/i0.wp.com\/www.rundabastun.se\/images\/alfred_bak.JPG?resize=848%2C539\" alt=\"\" width=\"848\" height=\"539\"><p class=\"wp-caption-text\">Unik design<\/p><\/div>\n<\/div>\n","protected":false},"excerpt":{"rendered":"<p>&nbsp; Nyheter! \u2022&nbsp;Vi kan nu leverera f\u00e4rdigbyggd bastu och bastu med hel glasv\u00e4gg \u2022 Mobil bastuflotte som f\u00e4lls ihop f\u00f6r v\u00e4gtransport. 2.4&#215;4.2 m stor ihopf\u00e4lld och 4.8&#215;4.2 m utf\u00e4lld. \u2022 Kortare bastu som \u00e4r 1.5 m och l\u00e4mpar sig f\u00f6r de som inte har s\u00e5 stora ytor att st\u00e4lla bastun samt inomhus. \u2022 Kortare bastu [&hellip;]<\/p>\n","protected":false},"author":1,"featured_media":0,"parent":0,"menu_order":0,"comment_status":"closed","ping_status":"closed","template":"","meta":{"ngg_post_thumbnail":0,"footnotes":""},"class_list":["post-13","page","type-page","status-publish","hentry"],"yoast_head":"<!-- This site is optimized with the Yoast SEO Premium plugin v23.6 (Yoast SEO v26.8) - https:\/\/yoast.com\/product\/yoast-seo-premium-wordpress\/ -->\n<title>Bastun - Bastutunnan<\/title>\n<meta name=\"robots\" content=\"index, follow, max-snippet:-1, max-image-preview:large, max-video-preview:-1\" \/>\n<link rel=\"canonical\" href=\"https:\/\/bohena.se\/bastu\/bastun\/\" \/>\n<meta property=\"og:locale\" content=\"sv_SE\" \/>\n<meta property=\"og:type\" content=\"article\" \/>\n<meta property=\"og:title\" content=\"Bastun\" \/>\n<meta property=\"og:description\" content=\"&nbsp; Nyheter! \u2022&nbsp;Vi kan nu leverera f\u00e4rdigbyggd bastu och bastu med hel glasv\u00e4gg \u2022 Mobil bastuflotte som f\u00e4lls ihop f\u00f6r v\u00e4gtransport. 2.4x4.2 m stor\" \/>\n<meta property=\"og:url\" content=\"https:\/\/bohena.se\/bastu\/bastun\/\" \/>\n<meta property=\"og:site_name\" content=\"Bastutunnan\" \/>\n<meta property=\"article:publisher\" content=\"https:\/\/www.facebook.com\/bastutunnan\/\" \/>\n<meta property=\"article:modified_time\" content=\"2025-03-05T22:22:41+00:00\" \/>\n<meta property=\"og:image\" content=\"http:\/\/www.rundabastun.se\/images\/alfred_bak.JPG\" \/>\n<meta name=\"twitter:card\" content=\"summary_large_image\" \/>\n<meta name=\"twitter:label1\" content=\"Ber\u00e4knad l\u00e4stid\" \/>\n\t<meta name=\"twitter:data1\" content=\"3 minuter\" \/>\n<script type=\"application\/ld+json\" class=\"yoast-schema-graph\">{\"@context\":\"https:\/\/schema.org\",\"@graph\":[{\"@type\":\"WebPage\",\"@id\":\"https:\/\/bohena.se\/bastu\/bastun\/\",\"url\":\"https:\/\/bohena.se\/bastu\/bastun\/\",\"name\":\"Bastun - Bastutunnan\",\"isPartOf\":{\"@id\":\"https:\/\/bohena.se\/bastu\/#website\"},\"primaryImageOfPage\":{\"@id\":\"https:\/\/bohena.se\/bastu\/bastun\/#primaryimage\"},\"image\":{\"@id\":\"https:\/\/bohena.se\/bastu\/bastun\/#primaryimage\"},\"thumbnailUrl\":\"http:\/\/www.rundabastun.se\/images\/alfred_bak.JPG\",\"datePublished\":\"2015-02-09T22:41:36+00:00\",\"dateModified\":\"2025-03-05T22:22:41+00:00\",\"breadcrumb\":{\"@id\":\"https:\/\/bohena.se\/bastu\/bastun\/#breadcrumb\"},\"inLanguage\":\"sv-SE\",\"potentialAction\":[{\"@type\":\"ReadAction\",\"target\":[\"https:\/\/bohena.se\/bastu\/bastun\/\"]}]},{\"@type\":\"ImageObject\",\"inLanguage\":\"sv-SE\",\"@id\":\"https:\/\/bohena.se\/bastu\/bastun\/#primaryimage\",\"url\":\"http:\/\/www.rundabastun.se\/images\/alfred_bak.JPG\",\"contentUrl\":\"http:\/\/www.rundabastun.se\/images\/alfred_bak.JPG\"},{\"@type\":\"BreadcrumbList\",\"@id\":\"https:\/\/bohena.se\/bastu\/bastun\/#breadcrumb\",\"itemListElement\":[{\"@type\":\"ListItem\",\"position\":1,\"name\":\"Home\",\"item\":\"https:\/\/bohena.se\/bastu\/\"},{\"@type\":\"ListItem\",\"position\":2,\"name\":\"Bastun\"}]},{\"@type\":\"WebSite\",\"@id\":\"https:\/\/bohena.se\/bastu\/#website\",\"url\":\"https:\/\/bohena.se\/bastu\/\",\"name\":\"Bastutunnan\",\"description\":\"Marknadens sk\u00f6naste bastu\",\"publisher\":{\"@id\":\"https:\/\/bohena.se\/bastu\/#organization\"},\"potentialAction\":[{\"@type\":\"SearchAction\",\"target\":{\"@type\":\"EntryPoint\",\"urlTemplate\":\"https:\/\/bohena.se\/bastu\/?s={search_term_string}\"},\"query-input\":{\"@type\":\"PropertyValueSpecification\",\"valueRequired\":true,\"valueName\":\"search_term_string\"}}],\"inLanguage\":\"sv-SE\"},{\"@type\":\"Organization\",\"@id\":\"https:\/\/bohena.se\/bastu\/#organization\",\"name\":\"Bohena AB\",\"url\":\"https:\/\/bohena.se\/bastu\/\",\"logo\":{\"@type\":\"ImageObject\",\"inLanguage\":\"sv-SE\",\"@id\":\"https:\/\/bohena.se\/bastu\/#\/schema\/logo\/image\/\",\"url\":\"https:\/\/i1.wp.com\/bohena.se\/bastu\/wp-content\/uploads\/Bohena_s21.jpg?fit=741%2C86&ssl=1\",\"contentUrl\":\"https:\/\/i1.wp.com\/bohena.se\/bastu\/wp-content\/uploads\/Bohena_s21.jpg?fit=741%2C86&ssl=1\",\"width\":741,\"height\":86,\"caption\":\"Bohena AB\"},\"image\":{\"@id\":\"https:\/\/bohena.se\/bastu\/#\/schema\/logo\/image\/\"},\"sameAs\":[\"https:\/\/www.facebook.com\/bastutunnan\/\",\"https:\/\/www.youtube.com\/channel\/UC8C4nMoD2GBxcCJCIXo9EWA?view_as=subscriber\"]}]}<\/script>\n<!-- \/ Yoast SEO Premium plugin. -->","yoast_head_json":{"title":"Bastun - Bastutunnan","robots":{"index":"index","follow":"follow","max-snippet":"max-snippet:-1","max-image-preview":"max-image-preview:large","max-video-preview":"max-video-preview:-1"},"canonical":"https:\/\/bohena.se\/bastu\/bastun\/","og_locale":"sv_SE","og_type":"article","og_title":"Bastun","og_description":"&nbsp; Nyheter! \u2022&nbsp;Vi kan nu leverera f\u00e4rdigbyggd bastu och bastu med hel glasv\u00e4gg \u2022 Mobil bastuflotte som f\u00e4lls ihop f\u00f6r v\u00e4gtransport. 2.4x4.2 m stor","og_url":"https:\/\/bohena.se\/bastu\/bastun\/","og_site_name":"Bastutunnan","article_publisher":"https:\/\/www.facebook.com\/bastutunnan\/","article_modified_time":"2025-03-05T22:22:41+00:00","og_image":[{"url":"http:\/\/www.rundabastun.se\/images\/alfred_bak.JPG","type":"","width":"","height":""}],"twitter_card":"summary_large_image","twitter_misc":{"Ber\u00e4knad l\u00e4stid":"3 minuter"},"schema":{"@context":"https:\/\/schema.org","@graph":[{"@type":"WebPage","@id":"https:\/\/bohena.se\/bastu\/bastun\/","url":"https:\/\/bohena.se\/bastu\/bastun\/","name":"Bastun - Bastutunnan","isPartOf":{"@id":"https:\/\/bohena.se\/bastu\/#website"},"primaryImageOfPage":{"@id":"https:\/\/bohena.se\/bastu\/bastun\/#primaryimage"},"image":{"@id":"https:\/\/bohena.se\/bastu\/bastun\/#primaryimage"},"thumbnailUrl":"http:\/\/www.rundabastun.se\/images\/alfred_bak.JPG","datePublished":"2015-02-09T22:41:36+00:00","dateModified":"2025-03-05T22:22:41+00:00","breadcrumb":{"@id":"https:\/\/bohena.se\/bastu\/bastun\/#breadcrumb"},"inLanguage":"sv-SE","potentialAction":[{"@type":"ReadAction","target":["https:\/\/bohena.se\/bastu\/bastun\/"]}]},{"@type":"ImageObject","inLanguage":"sv-SE","@id":"https:\/\/bohena.se\/bastu\/bastun\/#primaryimage","url":"http:\/\/www.rundabastun.se\/images\/alfred_bak.JPG","contentUrl":"http:\/\/www.rundabastun.se\/images\/alfred_bak.JPG"},{"@type":"BreadcrumbList","@id":"https:\/\/bohena.se\/bastu\/bastun\/#breadcrumb","itemListElement":[{"@type":"ListItem","position":1,"name":"Home","item":"https:\/\/bohena.se\/bastu\/"},{"@type":"ListItem","position":2,"name":"Bastun"}]},{"@type":"WebSite","@id":"https:\/\/bohena.se\/bastu\/#website","url":"https:\/\/bohena.se\/bastu\/","name":"Bastutunnan","description":"Marknadens sk\u00f6naste bastu","publisher":{"@id":"https:\/\/bohena.se\/bastu\/#organization"},"potentialAction":[{"@type":"SearchAction","target":{"@type":"EntryPoint","urlTemplate":"https:\/\/bohena.se\/bastu\/?s={search_term_string}"},"query-input":{"@type":"PropertyValueSpecification","valueRequired":true,"valueName":"search_term_string"}}],"inLanguage":"sv-SE"},{"@type":"Organization","@id":"https:\/\/bohena.se\/bastu\/#organization","name":"Bohena AB","url":"https:\/\/bohena.se\/bastu\/","logo":{"@type":"ImageObject","inLanguage":"sv-SE","@id":"https:\/\/bohena.se\/bastu\/#\/schema\/logo\/image\/","url":"https:\/\/i1.wp.com\/bohena.se\/bastu\/wp-content\/uploads\/Bohena_s21.jpg?fit=741%2C86&ssl=1","contentUrl":"https:\/\/i1.wp.com\/bohena.se\/bastu\/wp-content\/uploads\/Bohena_s21.jpg?fit=741%2C86&ssl=1","width":741,"height":86,"caption":"Bohena AB"},"image":{"@id":"https:\/\/bohena.se\/bastu\/#\/schema\/logo\/image\/"},"sameAs":["https:\/\/www.facebook.com\/bastutunnan\/","https:\/\/www.youtube.com\/channel\/UC8C4nMoD2GBxcCJCIXo9EWA?view_as=subscriber"]}]}},"jetpack_shortlink":"https:\/\/wp.me\/P5JvRJ-d","jetpack_likes_enabled":true,"jetpack_sharing_enabled":true,"_links":{"self":[{"href":"https:\/\/bohena.se\/bastu\/wp-json\/wp\/v2\/pages\/13","targetHints":{"allow":["GET"]}}],"collection":[{"href":"https:\/\/bohena.se\/bastu\/wp-json\/wp\/v2\/pages"}],"about":[{"href":"https:\/\/bohena.se\/bastu\/wp-json\/wp\/v2\/types\/page"}],"author":[{"embeddable":true,"href":"https:\/\/bohena.se\/bastu\/wp-json\/wp\/v2\/users\/1"}],"replies":[{"embeddable":true,"href":"https:\/\/bohena.se\/bastu\/wp-json\/wp\/v2\/comments?post=13"}],"version-history":[{"count":13,"href":"https:\/\/bohena.se\/bastu\/wp-json\/wp\/v2\/pages\/13\/revisions"}],"predecessor-version":[{"id":824,"href":"https:\/\/bohena.se\/bastu\/wp-json\/wp\/v2\/pages\/13\/revisions\/824"}],"wp:attachment":[{"href":"https:\/\/bohena.se\/bastu\/wp-json\/wp\/v2\/media?parent=13"}],"curies":[{"name":"wp","href":"https:\/\/api.w.org\/{rel}","templated":true}]}}